{"id":2,"date":"2023-11-22T16:22:15","date_gmt":"2023-11-22T16:22:15","guid":{"rendered":"https:\/\/unionreformistaciudadana.es\/?page_id=2"},"modified":"2026-08-31T11:33:30","modified_gmt":"2026-08-31T11:33:30","slug":"sample-page","status":"publish","type":"page","link":"https:\/\/pancal-urci.es\/","title":{"rendered":"Partido Nacionalista De Castilla Y Le\u00f3n &#8211; Uni\u00f3n Reformista Ciudadana"},"content":{"rendered":"<div class=\"wp-block-image\">\n<figure class=\"aligncenter size-large\"><img loading=\"lazy\" decoding=\"async\" width=\"1024\" height=\"104\" src=\"https:\/\/pancal-urci.es\/wp-content\/uploads\/2024\/01\/Divisor_001-1024x104.png\" alt=\"\" class=\"wp-image-198\" srcset=\"https:\/\/pancal-urci.es\/wp-content\/uploads\/2024\/01\/Divisor_001-1024x104.png 1024w, https:\/\/pancal-urci.es\/wp-content\/uploads\/2024\/01\/Divisor_001-300x30.png 300w, https:\/\/pancal-urci.es\/wp-content\/uploads\/2024\/01\/Divisor_001-768x78.png 768w, https:\/\/pancal-urci.es\/wp-content\/uploads\/2024\/01\/Divisor_001-1536x156.png 1536w, https:\/\/pancal-urci.es\/wp-content\/uploads\/2024\/01\/Divisor_001-850x86.png 850w, https:\/\/pancal-urci.es\/wp-content\/uploads\/2024\/01\/Divisor_001.png 1626w\" sizes=\"auto, (max-width: 1024px) 100vw, 1024px\" \/><\/figure>\n<\/div>\n\n\n<figure class=\"wp-block-gallery aligncenter has-nested-images columns-default is-cropped wp-block-gallery-1 is-layout-flex wp-block-gallery-is-layout-flex\">\n<figure class=\"wp-block-image size-full\" id=\"Pancal-URCi\"><img loading=\"lazy\" decoding=\"async\" width=\"481\" height=\"491\" data-id=\"1028\" src=\"https:\/\/pancal-urci.es\/wp-content\/uploads\/2024\/11\/Logo-Pancal-URCi_SELLO-Anagrama_Tipo2_PNG.png\" alt=\"Anagrama identificativo del partido Pancal-URCi\" class=\"wp-image-1028\" title=\"Anagrama del partido Pancal-URCi\" srcset=\"https:\/\/pancal-urci.es\/wp-content\/uploads\/2024\/11\/Logo-Pancal-URCi_SELLO-Anagrama_Tipo2_PNG.png 481w, https:\/\/pancal-urci.es\/wp-content\/uploads\/2024\/11\/Logo-Pancal-URCi_SELLO-Anagrama_Tipo2_PNG-294x300.png 294w, https:\/\/pancal-urci.es\/wp-content\/uploads\/2024\/11\/Logo-Pancal-URCi_SELLO-Anagrama_Tipo2_PNG-300x306.png 300w\" sizes=\"auto, (max-width: 481px) 100vw, 481px\" \/><\/figure>\n\n\n\n<figure class=\"wp-block-image size-full is-style-default\"><img data-dominant-color=\"211312\" data-has-transparency=\"true\" style=\"--dominant-color: #211312;\" loading=\"lazy\" decoding=\"async\" width=\"512\" height=\"512\" data-id=\"1109\" src=\"https:\/\/pancal-urci.es\/wp-content\/uploads\/2024\/12\/LogoFundacion_512x512_PNG-png.webp\" alt=\"\" class=\"wp-image-1109 has-transparency\" title=\"A\u00f1o de Fundaci\u00f3n 1977\" srcset=\"https:\/\/pancal-urci.es\/wp-content\/uploads\/2024\/12\/LogoFundacion_512x512_PNG-png.webp 512w, https:\/\/pancal-urci.es\/wp-content\/uploads\/2024\/12\/LogoFundacion_512x512_PNG-300x300.webp 300w, https:\/\/pancal-urci.es\/wp-content\/uploads\/2024\/12\/LogoFundacion_512x512_PNG-150x150.webp 150w\" sizes=\"auto, (max-width: 512px) 100vw, 512px\" \/><\/figure>\n<\/figure>\n\n\n<div class=\"wp-block-image\">\n<figure class=\"aligncenter size-large\"><img loading=\"lazy\" decoding=\"async\" width=\"1024\" height=\"104\" src=\"https:\/\/pancal-urci.es\/wp-content\/uploads\/2024\/01\/Divisor_001-1024x104.png\" alt=\"\" class=\"wp-image-198\" srcset=\"https:\/\/pancal-urci.es\/wp-content\/uploads\/2024\/01\/Divisor_001-1024x104.png 1024w, https:\/\/pancal-urci.es\/wp-content\/uploads\/2024\/01\/Divisor_001-300x30.png 300w, https:\/\/pancal-urci.es\/wp-content\/uploads\/2024\/01\/Divisor_001-768x78.png 768w, https:\/\/pancal-urci.es\/wp-content\/uploads\/2024\/01\/Divisor_001-1536x156.png 1536w, https:\/\/pancal-urci.es\/wp-content\/uploads\/2024\/01\/Divisor_001-850x86.png 850w, https:\/\/pancal-urci.es\/wp-content\/uploads\/2024\/01\/Divisor_001.png 1626w\" sizes=\"auto, (max-width: 1024px) 100vw, 1024px\" \/><\/figure>\n<\/div>\n\n\n<h1 class=\"wp-block-heading has-text-align-center\"><em>Lo m\u00e1s Destacado<\/em><\/h1>\n\n\n<div class=\"wp-block-image\">\n<figure class=\"aligncenter size-large\"><img loading=\"lazy\" decoding=\"async\" width=\"1024\" height=\"104\" src=\"https:\/\/pancal-urci.es\/wp-content\/uploads\/2024\/01\/Divisor_001-1024x104.png\" alt=\"\" class=\"wp-image-198\" srcset=\"https:\/\/pancal-urci.es\/wp-content\/uploads\/2024\/01\/Divisor_001-1024x104.png 1024w, https:\/\/pancal-urci.es\/wp-content\/uploads\/2024\/01\/Divisor_001-300x30.png 300w, https:\/\/pancal-urci.es\/wp-content\/uploads\/2024\/01\/Divisor_001-768x78.png 768w, https:\/\/pancal-urci.es\/wp-content\/uploads\/2024\/01\/Divisor_001-1536x156.png 1536w, https:\/\/pancal-urci.es\/wp-content\/uploads\/2024\/01\/Divisor_001-850x86.png 850w, https:\/\/pancal-urci.es\/wp-content\/uploads\/2024\/01\/Divisor_001.png 1626w\" sizes=\"auto, (max-width: 1024px) 100vw, 1024px\" \/><\/figure>\n<\/div>\n\n<div class=\"wp-block-image\">\n<figure class=\"aligncenter size-full is-resized has-custom-border\"><a href=\"https:\/\/pancal-urci.es\/index.php\/2026\/08\/31\/se-cumple-un-mes-de-la-invasion-de-espana-por-ceuta\/\"><img data-dominant-color=\"776f6a\" data-has-transparency=\"false\" loading=\"lazy\" decoding=\"async\" width=\"750\" height=\"422\" src=\"https:\/\/pancal-urci.es\/wp-content\/uploads\/2026\/08\/Invasion-en-Ceuta_Julio2026.avif\" alt=\"\" class=\"wp-image-2211 not-transparent\" style=\"--dominant-color: #776f6a; border-width:3px;border-radius:10px;width:700px;height:auto\" title=\"Presidenta del Congreso de los Diputados\" srcset=\"https:\/\/pancal-urci.es\/wp-content\/uploads\/2026\/08\/Invasion-en-Ceuta_Julio2026.avif 750w, https:\/\/pancal-urci.es\/wp-content\/uploads\/2026\/08\/Invasion-en-Ceuta_Julio2026-300x169.avif 300w\" sizes=\"auto, (max-width: 750px) 100vw, 750px\" \/><\/a><\/figure>\n<\/div>\n\n\n<p class=\"has-text-align-center wp-block-paragraph\"><strong><em>Se cumple un Mes de la Invasi\u00f3n de Espa\u00f1a por\u00a0<a href=\"https:\/\/pancal-urci.es\/index.php\/2026\/08\/04\/ceuta-bajo-la-tenaza-de-rabat-morfologia-de-una-agresion-planificada\/\">Ceuta<\/a><\/em><\/strong><\/p>\n\n\n\n<figure class=\"wp-block-image size-large\"><img loading=\"lazy\" decoding=\"async\" width=\"1024\" height=\"104\" src=\"https:\/\/pancal-urci.es\/wp-content\/uploads\/2024\/01\/Divisor_001-1024x104.png\" alt=\"\" class=\"wp-image-198\" srcset=\"https:\/\/pancal-urci.es\/wp-content\/uploads\/2024\/01\/Divisor_001-1024x104.png 1024w, https:\/\/pancal-urci.es\/wp-content\/uploads\/2024\/01\/Divisor_001-300x30.png 300w, https:\/\/pancal-urci.es\/wp-content\/uploads\/2024\/01\/Divisor_001-768x78.png 768w, https:\/\/pancal-urci.es\/wp-content\/uploads\/2024\/01\/Divisor_001-1536x156.png 1536w, https:\/\/pancal-urci.es\/wp-content\/uploads\/2024\/01\/Divisor_001-850x86.png 850w, https:\/\/pancal-urci.es\/wp-content\/uploads\/2024\/01\/Divisor_001.png 1626w\" sizes=\"auto, (max-width: 1024px) 100vw, 1024px\" \/><\/figure>\n\n\n<div class=\"wp-block-image\">\n<figure class=\"aligncenter size-full is-resized has-custom-border\"><a href=\"https:\/\/pancal-urci.es\/index.php\/2026\/08\/31\/comunicado-del-partido-nacionalista-de-castilla-y-leon-union-reformista-ciudadana-pancal-urci-agosto-2026\/\"><img data-dominant-color=\"3f3127\" data-has-transparency=\"false\" loading=\"lazy\" decoding=\"async\" width=\"1024\" height=\"682\" src=\"https:\/\/pancal-urci.es\/wp-content\/uploads\/2026\/08\/Alonso_Moratinos_PancalURCi_Agosto2026.avif\" alt=\"\" class=\"wp-image-2204 not-transparent\" style=\"--dominant-color: #3f3127; border-width:3px;border-radius:10px;width:700px;height:auto\" title=\"D\u00eda Internacional de la Mujer\" srcset=\"https:\/\/pancal-urci.es\/wp-content\/uploads\/2026\/08\/Alonso_Moratinos_PancalURCi_Agosto2026.avif 1024w, https:\/\/pancal-urci.es\/wp-content\/uploads\/2026\/08\/Alonso_Moratinos_PancalURCi_Agosto2026-300x200.avif 300w, https:\/\/pancal-urci.es\/wp-content\/uploads\/2026\/08\/Alonso_Moratinos_PancalURCi_Agosto2026-768x512.avif 768w, https:\/\/pancal-urci.es\/wp-content\/uploads\/2026\/08\/Alonso_Moratinos_PancalURCi_Agosto2026-850x566.avif 850w\" sizes=\"auto, (max-width: 1024px) 100vw, 1024px\" \/><\/a><\/figure>\n<\/div>\n\n\n<p class=\"has-text-align-center wp-block-paragraph\"><strong><em>COMUNICADO DEL PARTIDO NACIONALISTA DE CASTILLA Y LE\u00d3N \u2013 UNI\u00d3N REFORMISTA CIUDADANA\u00a0(PANCAL-URCi) Agosto 2026<\/em><\/strong><\/p>\n\n\n<div class=\"wp-block-image\">\n<figure class=\"aligncenter size-large\"><img loading=\"lazy\" decoding=\"async\" width=\"1024\" height=\"104\" src=\"https:\/\/pancal-urci.es\/wp-content\/uploads\/2024\/01\/Divisor_001-1024x104.png\" alt=\"\" class=\"wp-image-198\" srcset=\"https:\/\/pancal-urci.es\/wp-content\/uploads\/2024\/01\/Divisor_001-1024x104.png 1024w, https:\/\/pancal-urci.es\/wp-content\/uploads\/2024\/01\/Divisor_001-300x30.png 300w, https:\/\/pancal-urci.es\/wp-content\/uploads\/2024\/01\/Divisor_001-768x78.png 768w, https:\/\/pancal-urci.es\/wp-content\/uploads\/2024\/01\/Divisor_001-1536x156.png 1536w, https:\/\/pancal-urci.es\/wp-content\/uploads\/2024\/01\/Divisor_001-850x86.png 850w, https:\/\/pancal-urci.es\/wp-content\/uploads\/2024\/01\/Divisor_001.png 1626w\" sizes=\"auto, (max-width: 1024px) 100vw, 1024px\" \/><\/figure>\n<\/div>\n\n<div class=\"wp-block-image\">\n<figure class=\"aligncenter size-full is-resized has-custom-border\"><a href=\"https:\/\/pancal-urci.es\/index.php\/lopd\/\"><img loading=\"lazy\" decoding=\"async\" width=\"1000\" height=\"600\" src=\"https:\/\/pancal-urci.es\/wp-content\/uploads\/2024\/02\/ley-organica-proteccion-datos-santander.jpg.webp\" alt=\"\" class=\"wp-image-342\" style=\"border-width:3px;border-radius:10px;width:700px;height:auto\" srcset=\"https:\/\/pancal-urci.es\/wp-content\/uploads\/2024\/02\/ley-organica-proteccion-datos-santander.jpg.webp 1000w, https:\/\/pancal-urci.es\/wp-content\/uploads\/2024\/02\/ley-organica-proteccion-datos-santander.jpg-300x180.webp 300w, https:\/\/pancal-urci.es\/wp-content\/uploads\/2024\/02\/ley-organica-proteccion-datos-santander.jpg-768x461.webp 768w, https:\/\/pancal-urci.es\/wp-content\/uploads\/2024\/02\/ley-organica-proteccion-datos-santander.jpg-850x510.webp 850w\" sizes=\"auto, (max-width: 1000px) 100vw, 1000px\" \/><\/a><figcaption class=\"wp-element-caption\"><strong><em>Click en la imagen para ir a LOPD<\/em><\/strong><\/figcaption><\/figure>\n<\/div>\n\n\n<figure class=\"wp-block-image size-large\"><img loading=\"lazy\" decoding=\"async\" width=\"1024\" height=\"104\" src=\"https:\/\/pancal-urci.es\/wp-content\/uploads\/2024\/01\/Divisor_001-1024x104.png\" alt=\"\" class=\"wp-image-198\" srcset=\"https:\/\/pancal-urci.es\/wp-content\/uploads\/2024\/01\/Divisor_001-1024x104.png 1024w, https:\/\/pancal-urci.es\/wp-content\/uploads\/2024\/01\/Divisor_001-300x30.png 300w, https:\/\/pancal-urci.es\/wp-content\/uploads\/2024\/01\/Divisor_001-768x78.png 768w, https:\/\/pancal-urci.es\/wp-content\/uploads\/2024\/01\/Divisor_001-1536x156.png 1536w, https:\/\/pancal-urci.es\/wp-content\/uploads\/2024\/01\/Divisor_001-850x86.png 850w, https:\/\/pancal-urci.es\/wp-content\/uploads\/2024\/01\/Divisor_001.png 1626w\" sizes=\"auto, (max-width: 1024px) 100vw, 1024px\" \/><\/figure>\n\n\n\n<figure data-spbadd-entrance=\"\" superb-addons-animation=\"zoomIn\" class=\"wp-block-gallery aligncenter has-nested-images columns-default is-cropped wp-block-gallery-2 is-layout-flex wp-block-gallery-is-layout-flex\">\n<figure class=\"wp-block-image size-full\"><a href=\"https:\/\/pancal-urci.es\/wp-content\/uploads\/2026\/03\/Cartel_Alonso_El_IV_Comunero_2026.avif\"><img data-dominant-color=\"947170\" data-has-transparency=\"false\" style=\"--dominant-color: #947170;\" loading=\"lazy\" decoding=\"async\" width=\"1024\" height=\"1536\" data-id=\"1847\" src=\"https:\/\/pancal-urci.es\/wp-content\/uploads\/2026\/03\/Cartel_Alonso_El_IV_Comunero_2026.avif\" alt=\"\" class=\"wp-image-1847 not-transparent\" srcset=\"https:\/\/pancal-urci.es\/wp-content\/uploads\/2026\/03\/Cartel_Alonso_El_IV_Comunero_2026.avif 1024w, https:\/\/pancal-urci.es\/wp-content\/uploads\/2026\/03\/Cartel_Alonso_El_IV_Comunero_2026-200x300.avif 200w, https:\/\/pancal-urci.es\/wp-content\/uploads\/2026\/03\/Cartel_Alonso_El_IV_Comunero_2026-683x1024.avif 683w, https:\/\/pancal-urci.es\/wp-content\/uploads\/2026\/03\/Cartel_Alonso_El_IV_Comunero_2026-768x1152.avif 768w, https:\/\/pancal-urci.es\/wp-content\/uploads\/2026\/03\/Cartel_Alonso_El_IV_Comunero_2026-300x450.avif 300w, https:\/\/pancal-urci.es\/wp-content\/uploads\/2026\/03\/Cartel_Alonso_El_IV_Comunero_2026-850x1275.avif 850w\" sizes=\"auto, (max-width: 1024px) 100vw, 1024px\" \/><\/a><\/figure>\n\n\n\n<figure class=\"wp-block-image size-full\"><a href=\"https:\/\/pancal-urci.es\/wp-content\/uploads\/2026\/03\/Cartel_Moratinos_El_Empecinado_2026.avif\"><img data-dominant-color=\"896a6a\" data-has-transparency=\"false\" style=\"--dominant-color: #896a6a;\" loading=\"lazy\" decoding=\"async\" width=\"1024\" height=\"1536\" data-id=\"1848\" src=\"https:\/\/pancal-urci.es\/wp-content\/uploads\/2026\/03\/Cartel_Moratinos_El_Empecinado_2026.avif\" alt=\"\" class=\"wp-image-1848 not-transparent\" srcset=\"https:\/\/pancal-urci.es\/wp-content\/uploads\/2026\/03\/Cartel_Moratinos_El_Empecinado_2026.avif 1024w, https:\/\/pancal-urci.es\/wp-content\/uploads\/2026\/03\/Cartel_Moratinos_El_Empecinado_2026-200x300.avif 200w, https:\/\/pancal-urci.es\/wp-content\/uploads\/2026\/03\/Cartel_Moratinos_El_Empecinado_2026-683x1024.avif 683w, https:\/\/pancal-urci.es\/wp-content\/uploads\/2026\/03\/Cartel_Moratinos_El_Empecinado_2026-768x1152.avif 768w, https:\/\/pancal-urci.es\/wp-content\/uploads\/2026\/03\/Cartel_Moratinos_El_Empecinado_2026-300x450.avif 300w, https:\/\/pancal-urci.es\/wp-content\/uploads\/2026\/03\/Cartel_Moratinos_El_Empecinado_2026-850x1275.avif 850w\" sizes=\"auto, (max-width: 1024px) 100vw, 1024px\" \/><\/a><\/figure>\n<\/figure>\n","protected":false},"excerpt":{"rendered":"<p>Lo m\u00e1s Destacado Se cumple un Mes de la Invasi\u00f3n de Espa\u00f1a por\u00a0Ceuta COMUNICADO DEL PARTIDO NACIONALISTA DE CASTILLA Y LE\u00d3N \u2013 UNI\u00d3N REFORMISTA CIUDADANA\u00a0(PANCAL-URCi) Agosto 2026<\/p>\n","protected":false},"author":1,"featured_media":0,"parent":0,"menu_order":0,"comment_status":"closed","ping_status":"closed","template":"","meta":{"footnotes":""},"class_list":["post-2","page","type-page","status-publish","hentry"],"_links":{"self":[{"href":"https:\/\/pancal-urci.es\/index.php\/wp-json\/wp\/v2\/pages\/2","targetHints":{"allow":["GET"]}}],"collection":[{"href":"https:\/\/pancal-urci.es\/index.php\/wp-json\/wp\/v2\/pages"}],"about":[{"href":"https:\/\/pancal-urci.es\/index.php\/wp-json\/wp\/v2\/types\/page"}],"author":[{"embeddable":true,"href":"https:\/\/pancal-urci.es\/index.php\/wp-json\/wp\/v2\/users\/1"}],"replies":[{"embeddable":true,"href":"https:\/\/pancal-urci.es\/index.php\/wp-json\/wp\/v2\/comments?post=2"}],"version-history":[{"count":14,"href":"https:\/\/pancal-urci.es\/index.php\/wp-json\/wp\/v2\/pages\/2\/revisions"}],"predecessor-version":[{"id":2262,"href":"https:\/\/pancal-urci.es\/index.php\/wp-json\/wp\/v2\/pages\/2\/revisions\/2262"}],"wp:attachment":[{"href":"https:\/\/pancal-urci.es\/index.php\/wp-json\/wp\/v2\/media?parent=2"}],"curies":[{"name":"wp","href":"https:\/\/api.w.org\/{rel}","templated":true}]}}